{"id":425,"date":"2025-06-03T09:16:22","date_gmt":"2025-06-03T07:16:22","guid":{"rendered":"https:\/\/www.gemasma.com\/o-que-e-a-gema\/"},"modified":"2025-12-22T14:17:22","modified_gmt":"2025-12-22T13:17:22","slug":"o-que-e-a-gema","status":"publish","type":"page","link":"https:\/\/www.gemasma.com\/pt-pt\/o-que-e-a-gema\/","title":{"rendered":"O que \u00e9 a GEMA?"},"content":{"rendered":"<p>[et_pb_section fb_built=&#8221;1&#8243; _builder_version=&#8221;4.27.4&#8243; _module_preset=&#8221;default&#8221; custom_padding=&#8221;||5px|||&#8221; global_colors_info=&#8221;{}&#8221;][et_pb_row make_equal=&#8221;on&#8221; _builder_version=&#8221;4.27.4&#8243; _module_preset=&#8221;default&#8221; global_colors_info=&#8221;{}&#8221;][et_pb_column type=&#8221;4_4&#8243; _builder_version=&#8221;4.27.4&#8243; _module_preset=&#8221;default&#8221; global_colors_info=&#8221;{}&#8221;][et_pb_image src=&#8221;https:\/\/www.gemasma.com\/wp-content\/uploads\/2025\/06\/queesgemalogo.png&#8221; title_text=&#8221;queesgemalogo&#8221; align=&#8221;center&#8221; _builder_version=&#8221;4.27.4&#8243; _module_preset=&#8221;default&#8221; global_colors_info=&#8221;{}&#8221;][\/et_pb_image][\/et_pb_column][\/et_pb_row][\/et_pb_section][et_pb_section fb_built=&#8221;1&#8243; _builder_version=&#8221;4.27.4&#8243; _module_preset=&#8221;default&#8221; global_colors_info=&#8221;{}&#8221;][et_pb_row column_structure=&#8221;1_3,2_3&#8243; disabled_on=&#8221;on|on|off&#8221; _builder_version=&#8221;4.27.4&#8243; _module_preset=&#8221;default&#8221; global_colors_info=&#8221;{}&#8221;][et_pb_column type=&#8221;1_3&#8243; _builder_version=&#8221;4.27.4&#8243; _module_preset=&#8221;default&#8221; global_colors_info=&#8221;{}&#8221;][et_pb_image src=&#8221;https:\/\/www.gemasma.com\/wp-content\/uploads\/2025\/09\/unnamed.jpg&#8221; alt=&#8221;Carlos Almonacid&#8221; title_text=&#8221;Carlos Almonacid&#8221; _builder_version=&#8221;4.27.4&#8243; _module_preset=&#8221;default&#8221; transform_translate=&#8221;155px|1px&#8221; hover_enabled=&#8221;0&#8243; border_radii=&#8221;on|20px|20px|20px|20px&#8221; global_colors_info=&#8221;{}&#8221; sticky_enabled=&#8221;0&#8243; custom_margin=&#8221;207px||||false|false&#8221;][\/et_pb_image][\/et_pb_column][et_pb_column type=&#8221;2_3&#8243; _builder_version=&#8221;4.27.4&#8243; _module_preset=&#8221;default&#8221; global_colors_info=&#8221;{}&#8221;][et_pb_cta title=&#8221;Boas-vindas de Carlos Almonacid&#8221; _builder_version=&#8221;4.27.4&#8243; _module_preset=&#8221;default&#8221; background_color=&#8221;#ededed&#8221; transform_translate=&#8221;20px|98px&#8221; text_orientation=&#8221;left&#8221; background_layout=&#8221;light&#8221; width=&#8221;87%&#8221; hover_enabled=&#8221;0&#8243; border_radii=&#8221;on|44px|44px|44px|44px&#8221; border_color_all=&#8221;#000000&#8243; box_shadow_style=&#8221;preset1&#8243; global_colors_info=&#8221;{}&#8221; sticky_enabled=&#8221;0&#8243;]<\/p>\n<p>&nbsp;<\/p>\n<p>Um dos objetivos de qualquer guia de pr\u00e1tica cl\u00ednica \u00e9 que esta se torne uma ferramenta de trabalho \u00fatil para os profissionais de sa\u00fade, atrav\u00e9s da qual possam melhorar a sua atividade cl\u00ednica assistencial. Com o Guia Espanhol para o Manejo da ASMA (GEMA) foram planeadas uma s\u00e9rie de a\u00e7\u00f5es cujo objetivo era aproximar o conhecimento da ASMA e os conte\u00fados do guia a todos os nossos colegas, independentemente da sua especialidade e do ambiente onde desenvolvem a sua atividade. <\/p>\n<p>Este site disponibiliza a todos os diferentes projetos do plano de divulga\u00e7\u00e3o, no desenvolvimento do qual participaram ativamente representantes de todas as sociedades cient\u00edficas e que contou com o apoio e respaldo de muitas das companhias farmac\u00eauticas. Desde j\u00e1 o meu agradecimento a todos eles. <\/p>\n<p>&nbsp;<\/p>\n<p style=\"text-align: right;\">Carlos Almonacid<br \/><span>Coordenador Geral GEMA<\/span><\/p>\n<p>[\/et_pb_cta][\/et_pb_column][\/et_pb_row][et_pb_row column_structure=&#8221;1_3,2_3&#8243; disabled_on=&#8221;off|off|on&#8221; _builder_version=&#8221;4.27.4&#8243; _module_preset=&#8221;default&#8221; global_colors_info=&#8221;{}&#8221;][et_pb_column type=&#8221;1_3&#8243; _builder_version=&#8221;4.27.4&#8243; _module_preset=&#8221;default&#8221; global_colors_info=&#8221;{}&#8221;][et_pb_image src=&#8221;https:\/\/www.gemasma.com\/wp-content\/uploads\/2025\/09\/unnamed.jpg&#8221; title_text=&#8221;Carlos Almonacid&#8221; _builder_version=&#8221;4.27.4&#8243; _module_preset=&#8221;default&#8221; hover_enabled=&#8221;0&#8243; border_radii=&#8221;on|20px|20px|20px|20px&#8221; global_colors_info=&#8221;{}&#8221; alt=&#8221;Carlos Almonacid&#8221; sticky_enabled=&#8221;0&#8243;][\/et_pb_image][\/et_pb_column][et_pb_column type=&#8221;2_3&#8243; _builder_version=&#8221;4.27.4&#8243; _module_preset=&#8221;default&#8221; global_colors_info=&#8221;{}&#8221;][et_pb_cta title=&#8221;Boas-vindas de Carlos Almonacid&#8221; _builder_version=&#8221;4.27.4&#8243; _module_preset=&#8221;default&#8221; background_color=&#8221;#ededed&#8221; text_orientation=&#8221;left&#8221; background_layout=&#8221;light&#8221; width=&#8221;100%&#8221; border_radii=&#8221;on|44px|44px|44px|44px&#8221; border_color_all=&#8221;#000000&#8243; box_shadow_style=&#8221;preset1&#8243; global_colors_info=&#8221;{}&#8221;]<\/p>\n<p>&nbsp;<\/p>\n<p>Um dos objetivos de qualquer guia de pr\u00e1tica cl\u00ednica \u00e9 que esta se torne uma ferramenta de trabalho \u00fatil para os profissionais de sa\u00fade, atrav\u00e9s da qual possam melhorar a sua atividade cl\u00ednica assistencial. Com o Guia Espanhol para o Manejo da ASMA (GEMA) foram planeadas uma s\u00e9rie de a\u00e7\u00f5es cujo objetivo era aproximar o conhecimento da ASMA e os conte\u00fados do guia a todos os nossos colegas, independentemente da sua especialidade e do ambiente onde desenvolvem a sua atividade. <\/p>\n<p>Este site disponibiliza a todos os diferentes projetos do plano de divulga\u00e7\u00e3o, no desenvolvimento do qual participaram ativamente representantes de todas as sociedades cient\u00edficas e que contou com o apoio e respaldo de muitas das companhias farmac\u00eauticas. Desde j\u00e1 o meu agradecimento a todos eles. <\/p>\n<p>&nbsp;<\/p>\n<p style=\"text-align: right;\">Carlos Almonacid<br \/><span>Coordenador Geral GEMA<\/span><\/p>\n<p>[\/et_pb_cta][\/et_pb_column][\/et_pb_row][\/et_pb_section][et_pb_section fb_built=&#8221;1&#8243; _builder_version=&#8221;4.27.4&#8243; _module_preset=&#8221;default&#8221; background_color=&#8221;#deedf2&#8243; width=&#8221;100%&#8221; custom_padding=&#8221;||67px|||&#8221; global_colors_info=&#8221;{}&#8221;][et_pb_row _builder_version=&#8221;4.27.4&#8243; _module_preset=&#8221;default&#8221; global_colors_info=&#8221;{}&#8221;][et_pb_column type=&#8221;4_4&#8243; _builder_version=&#8221;4.27.4&#8243; _module_preset=&#8221;default&#8221; global_colors_info=&#8221;{}&#8221;][et_pb_text _builder_version=&#8221;4.27.4&#8243; _module_preset=&#8221;default&#8221; header_text_align=&#8221;center&#8221; header_text_color=&#8221;#be0015&#8243; global_colors_info=&#8221;{}&#8221;]<\/p>\n<div class=\"c-people__header\">\n<h1 class=\"o-title o-title--big\">Comit\u00e9 Executivo<\/h1>\n<\/div>\n<div class=\"view-content row c-people__content\">\n<div class=\"views-row\">\n<div class=\"contextual-region taxonomy-term vocabulary-coordinators o-card o-card-fullname\" about=\"\/taxonomy\/term\/138\">\n<div class=\"content o-card-recipient__content\">\n<div class=\"o-card-fullname__header\"><\/div>\n<\/div>\n<\/div>\n<\/div>\n<\/div>\n<p>[\/et_pb_text][\/et_pb_column][\/et_pb_row][et_pb_row column_structure=&#8221;1_3,1_3,1_3&#8243; _builder_version=&#8221;4.27.4&#8243; _module_preset=&#8221;default&#8221; global_colors_info=&#8221;{}&#8221;][et_pb_column type=&#8221;1_3&#8243; _builder_version=&#8221;4.27.4&#8243; _module_preset=&#8221;default&#8221; global_colors_info=&#8221;{}&#8221;][et_pb_text _builder_version=&#8221;4.27.4&#8243; _module_preset=&#8221;default&#8221; header_text_color=&#8221;#6a738c&#8221; header_2_text_color=&#8221;#23718c&#8221; global_colors_info=&#8221;{}&#8221;]<\/p>\n<div class=\"o-card-fullname__header\">\n<h2 class=\"o-title o-title--mini o-title--darkblue\" style=\"text-align: left;\">Almonacid S\u00e1nchez, Carlos<\/h2>\n<\/div>\n<div class=\"o-card-fullname__body\">\n<div id=\"id-field-field-function\">\n<div class=\"field field--name-field-function field--type-string-long field--label-hidden field__item\">Coordenador do Comit\u00e9 Executivo da GEMA.<\/div>\n<div class=\"field field--name-field-function field--type-string-long field--label-hidden field__item\">Hospital Universit\u00e1rio Puerta del Hierro Majadahonda.<\/div>\n<div class=\"field field--name-field-function field--type-string-long field--label-hidden field__item\">Madrid<\/div>\n<\/div>\n<\/div>\n<p>\u200b<\/p>\n<p>[\/et_pb_text][et_pb_text _builder_version=&#8221;4.27.4&#8243; _module_preset=&#8221;default&#8221; header_text_color=&#8221;#6a738c&#8221; header_2_text_color=&#8221;#23718c&#8221; global_colors_info=&#8221;{}&#8221;]<\/p>\n<div class=\"o-card-fullname__header\">\n<div class=\"o-card-fullname__header\">\n<h2 class=\"o-title o-title--mini o-title--darkblue\">Pellegrini Belinch\u00f3n, Francisco Javier<\/h2>\n<\/div>\n<div class=\"o-card-fullname__body\">\n<div id=\"id-field-field-function\">\n<div class=\"field field--name-field-function field--type-string-long field--label-hidden field__item\">Coordenador representante da SEPEAP.<br \/>Pediatria. Centro de Sa\u00fade de Pizarrales.<br \/>Salamanca <\/div>\n<\/div>\n<\/div>\n<\/div>\n<p>[\/et_pb_text][et_pb_text _builder_version=&#8221;4.27.4&#8243; _module_preset=&#8221;default&#8221; header_text_color=&#8221;#6a738c&#8221; header_2_text_color=&#8221;#23718c&#8221; global_colors_info=&#8221;{}&#8221;]<\/p>\n<div class=\"o-card-fullname__header\">\n<div class=\"o-card-fullname__header\">\n<h2 class=\"o-title o-title--mini o-title--darkblue\">Cuvillo Bernal, Alfonso del<\/h2>\n<\/div>\n<div class=\"o-card-fullname__body\">\n<div id=\"id-field-field-function\">\n<div class=\"field field--name-field-function field--type-string-long field--label-hidden field__item\">Coordenador representante da SEORL.<br \/>Otorrinolaringologia. Hospital Universit\u00e1rio<br \/>de Jerez <\/div>\n<\/div>\n<\/div>\n<\/div>\n<p>\u200b<\/p>\n<p>[\/et_pb_text][et_pb_text _builder_version=&#8221;4.27.4&#8243; _module_preset=&#8221;default&#8221; header_text_color=&#8221;#6a738c&#8221; header_2_text_color=&#8221;#23718c&#8221; global_colors_info=&#8221;{}&#8221;]<\/p>\n<div class=\"o-card-fullname__header\">\n<div class=\"o-card-fullname__header\">\n<h2 class=\"o-title o-title--mini o-title--darkblue\">Salas Butr\u00f3n, M.\u00aa del Rosario<\/h2>\n<\/div>\n<div class=\"o-card-fullname__body\">\n<div id=\"id-field-field-function\">\n<div class=\"field field--name-field-function field--type-string-long field--label-hidden field__item\">Coordenadora representante da SEFC.<br \/>Farmacologia cl\u00ednica<br \/>Hospital Cl\u00ednico San Carlos. Madrid <\/div>\n<\/div>\n<\/div>\n<\/div>\n<p>[\/et_pb_text][et_pb_text _builder_version=&#8221;4.27.4&#8243; _module_preset=&#8221;default&#8221; header_text_color=&#8221;#6a738c&#8221; header_2_text_color=&#8221;#23718c&#8221; global_colors_info=&#8221;{}&#8221;]<\/p>\n<div class=\"o-card-fullname__header\">\n<div class=\"o-card-fullname__header\">\n<h2 class=\"o-title o-title--mini o-title--darkblue\">Garc\u00eda, Gabriel<\/h2>\n<\/div>\n<div class=\"o-card-fullname__body\">\n<div id=\"id-field-field-function\">\n<div class=\"field field--name-field-function field--type-string-long field--label-hidden field__item\">Coordenador representante da ALAT.<br \/>Pneumologia. Hospital Rossi La Plata. Argentina  <\/div>\n<\/div>\n<\/div>\n<\/div>\n<p>[\/et_pb_text][et_pb_text _builder_version=&#8221;4.27.4&#8243; _module_preset=&#8221;default&#8221; header_text_color=&#8221;#6a738c&#8221; header_2_text_color=&#8221;#23718c&#8221; global_colors_info=&#8221;{}&#8221;]<\/p>\n<div class=\"o-card-fullname__header\">\n<div class=\"o-card-fullname__header\">\n<h2 class=\"o-title o-title--mini o-title--darkblue\">Valverde Molina, Jos\u00e9<\/h2>\n<\/div>\n<div class=\"o-card-fullname__body\">\n<div id=\"id-field-field-function\">\n<div class=\"field field--name-field-function field--type-string-long field--label-hidden field__item\">Coordenador representante da SENP.<br \/>Pneumologia Pedi\u00e1trica. Hospital General<br \/>Universit\u00e1rio Santa Lucia. Cartagena  <\/div>\n<\/div>\n<\/div>\n<\/div>\n<p>[\/et_pb_text][\/et_pb_column][et_pb_column type=&#8221;1_3&#8243; _builder_version=&#8221;4.27.4&#8243; _module_preset=&#8221;default&#8221; global_colors_info=&#8221;{}&#8221;][et_pb_text _builder_version=&#8221;4.27.4&#8243; _module_preset=&#8221;default&#8221; header_text_color=&#8221;#6a738c&#8221; header_2_text_color=&#8221;#23718c&#8221; global_colors_info=&#8221;{}&#8221;]<\/p>\n<div class=\"o-card-fullname__header\">\n<div class=\"o-card-fullname__header\">\n<h2 class=\"o-title o-title--mini o-title--darkblue\">Mor\u00eate, Ana<\/h2>\n<\/div>\n<div class=\"o-card-fullname__body\">\n<div id=\"id-field-field-function\">\n<div class=\"field field--name-field-function field--type-string-long field--label-hidden field__item\">Coordenadora representante da Sociedade Portuguesa de Alergologia e Imunologia Cl\u00ednica. Alergologia. <\/div>\n<div class=\"field field--name-field-function field--type-string-long field--label-hidden field__item\">Hospital Aveiro \u2013 CHBV Aveiro. Portugal <\/div>\n<\/div>\n<\/div>\n<\/div>\n<p>[\/et_pb_text][et_pb_text _builder_version=&#8221;4.27.4&#8243; _module_preset=&#8221;default&#8221; header_text_color=&#8221;#6a738c&#8221; header_2_text_color=&#8221;#23718c&#8221; global_colors_info=&#8221;{}&#8221;]<\/p>\n<div class=\"o-card-fullname__header\">\n<div class=\"o-card-fullname__header\">\n<h2 class=\"o-title o-title--mini o-title--darkblue\">Bercedo Sanz, Alberto<\/h2>\n<\/div>\n<div class=\"o-card-fullname__body\">\n<div id=\"id-field-field-function\">\n<div class=\"field field--name-field-function field--type-string-long field--label-hidden field__item\">Coordenador representante da AEPap.<br \/>Pediatria. Centro de Sa\u00fade Los Castros.<br \/>Santander <\/div>\n<\/div>\n<\/div>\n<\/div>\n<p>\u200b<\/p>\n<p>[\/et_pb_text][et_pb_text _builder_version=&#8221;4.27.4&#8243; _module_preset=&#8221;default&#8221; header_text_color=&#8221;#6a738c&#8221; header_2_text_color=&#8221;#23718c&#8221; global_colors_info=&#8221;{}&#8221;]<\/p>\n<div class=\"o-card-fullname__header\">\n<div class=\"o-card-fullname__header\">\n<h2 class=\"o-title o-title--mini o-title--darkblue\">Quirce Gancedo, Santiago<\/h2>\n<\/div>\n<div class=\"o-card-fullname__body\">\n<div id=\"id-field-field-function\">\n<div class=\"field field--name-field-function field--type-string-long field--label-hidden field__item\">Coordenador representante da SEAIC.<br \/>Alergologia. Hospital Universit\u00e1rio La Paz.<br \/>Madrid <\/div>\n<\/div>\n<\/div>\n<\/div>\n<p>\u200b<\/p>\n<p>[\/et_pb_text][et_pb_text _builder_version=&#8221;4.27.4&#8243; _module_preset=&#8221;default&#8221; header_text_color=&#8221;#6a738c&#8221; header_2_text_color=&#8221;#23718c&#8221; global_colors_info=&#8221;{}&#8221;]<\/p>\n<div class=\"o-card-fullname__header\">\n<div class=\"o-card-fullname__header\">\n<h2 class=\"o-title o-title--mini o-title--darkblue\">Garin Escriv\u00e1, No\u00e9<\/h2>\n<\/div>\n<div class=\"o-card-fullname__body\">\n<div id=\"id-field-field-function\">\n<div class=\"field field--name-field-function field--type-string-long field--label-hidden field__item\">Coordenador representante da SEFH.<br \/>Farm\u00e1cia Hospitalar. Hospital de la Santa<br \/>Creu i Sant Pau. Barcelona  <\/div>\n<\/div>\n<\/div>\n<\/div>\n<p>[\/et_pb_text][et_pb_text _builder_version=&#8221;4.27.4&#8243; _module_preset=&#8221;default&#8221; header_text_color=&#8221;#6a738c&#8221; header_2_text_color=&#8221;#23718c&#8221; global_colors_info=&#8221;{}&#8221;]<\/p>\n<div class=\"o-card-fullname__header\">\n<div class=\"o-card-fullname__header\">\n<h2 class=\"o-title o-title--mini o-title--darkblue\">Soto Campos, J. Gregorio<\/h2>\n<\/div>\n<div class=\"o-card-fullname__body\">\n<div id=\"id-field-field-function\">\n<div class=\"field field--name-field-function field--type-string-long field--label-hidden field__item\">Coordenador representante da SEPAR.<br \/>Pneumologia. Hospital Universit\u00e1rio de Jerez <\/div>\n<\/div>\n<\/div>\n<\/div>\n<p>\u200b<\/p>\n<p>[\/et_pb_text][et_pb_text _builder_version=&#8221;4.27.4&#8243; _module_preset=&#8221;default&#8221; header_text_color=&#8221;#6a738c&#8221; header_2_text_color=&#8221;#23718c&#8221; global_colors_info=&#8221;{}&#8221;]<\/p>\n<div class=\"o-card-fullname__header\">\n<div class=\"o-card-fullname__header\">\n<h2 class=\"o-title o-title--mini o-title--darkblue\">Mart\u00edn Bl\u00e1zquez, Yolanda<\/h2>\n<\/div>\n<div class=\"o-card-fullname__body\">\n<div id=\"id-field-field-function\">\n<div class=\"field field--name-field-function field--type-string-long field--label-hidden field__item\">Coordenador representante da SEMG.<br \/>Medicina de fam\u00edlia. Centro de Sa\u00fade<br \/>Ensanche de Vallecas. Madrid  <\/div>\n<\/div>\n<\/div>\n<\/div>\n<p>[\/et_pb_text][\/et_pb_column][et_pb_column type=&#8221;1_3&#8243; _builder_version=&#8221;4.27.4&#8243; _module_preset=&#8221;default&#8221; global_colors_info=&#8221;{}&#8221;][et_pb_text _builder_version=&#8221;4.27.4&#8243; _module_preset=&#8221;default&#8221; header_text_color=&#8221;#6a738c&#8221; header_2_text_color=&#8221;#23718c&#8221; global_colors_info=&#8221;{}&#8221;]<\/p>\n<div class=\"o-card-fullname__header\">\n<div class=\"o-card-fullname__header\">\n<h2 class=\"o-title o-title--mini o-title--darkblue\">\u00c1lvarez Rodr\u00edguez, Ces\u00e1reo<\/h2>\n<\/div>\n<div class=\"o-card-fullname__body\">\n<div id=\"id-field-field-function\">\n<div class=\"field field--name-field-function field--type-string-long field--label-hidden field__item\">Coordenador representante da SEMES.<\/div>\n<div class=\"field field--name-field-function field--type-string-long field--label-hidden field__item\">Medicina de Urg\u00eancias. Hospital de Ver\u00edn.<br \/>Orense <\/div>\n<\/div>\n<\/div>\n<\/div>\n<p>[\/et_pb_text][et_pb_text _builder_version=&#8221;4.27.4&#8243; _module_preset=&#8221;default&#8221; header_text_color=&#8221;#6a738c&#8221; header_2_text_color=&#8221;#23718c&#8221; global_colors_info=&#8221;{}&#8221;]<\/p>\n<div class=\"o-card-fullname__header\">\n<div class=\"o-card-fullname__header\">\n<h2 class=\"o-title o-title--mini o-title--darkblue\">GARIN ESCRIV\u00c1, NO\u00c9<\/h2>\n<\/div>\n<div class=\"o-card-fullname__body\">\n<div id=\"id-field-field-function\">\n<div class=\"field field--name-field-function field--type-string-long field--label-hidden field__item\">Coordenador representante da SEFH.<\/div>\n<\/div>\n<div id=\"id-field-field-center\">\n<div class=\"field field--name-field-center field--type-string-long field--label-hidden field__item\">Farm\u00e1cia Hospitalar. Hospital de la Santa Creu i Sant Pau. Barcelona  <\/div>\n<\/div>\n<\/div>\n<\/div>\n<p>[\/et_pb_text][et_pb_text _builder_version=&#8221;4.27.4&#8243; _module_preset=&#8221;default&#8221; header_text_color=&#8221;#6a738c&#8221; header_2_text_color=&#8221;#23718c&#8221; global_colors_info=&#8221;{}&#8221;]<\/p>\n<div class=\"o-card-fullname__header\">\n<div class=\"o-card-fullname__header\">\n<h2 class=\"o-title o-title--mini o-title--darkblue\">Ferreira, Jorge<\/h2>\n<\/div>\n<div class=\"o-card-fullname__body\">\n<div id=\"id-field-field-function\">\n<div class=\"field field--name-field-function field--type-string-long field--label-hidden field__item\">Coordenador representante da Sociedade<br \/>Portuguesa de Pneumologia. Pneumologia.<br \/>Hospital de S\u00e3o Sebasti\u00e3o \u2013 ULSEDV,<br \/>Santa Maria da Feira. Portugal  <\/div>\n<\/div>\n<\/div>\n<\/div>\n<p>[\/et_pb_text][et_pb_text _builder_version=&#8221;4.27.4&#8243; _module_preset=&#8221;default&#8221; header_text_color=&#8221;#6a738c&#8221; header_2_text_color=&#8221;#23718c&#8221; global_colors_info=&#8221;{}&#8221;]<\/p>\n<div class=\"o-card-fullname__header\">\n<div class=\"o-card-fullname__header\">\n<h2 class=\"o-title o-title--mini o-title--darkblue\">Sanz Ortega, Jos\u00e9<\/h2>\n<\/div>\n<div class=\"o-card-fullname__body\">\n<div id=\"id-field-field-function\">\n<div class=\"field field--name-field-function field--type-string-long field--label-hidden field__item\">Coordenador representante da SEICAP.<br \/>Alergologia Pedi\u00e1trica. Hospital Cat\u00f3lico<br \/>Universit\u00e1rio Casa de Salud. Valencia  <\/div>\n<\/div>\n<div id=\"id-field-field-center\"><\/div>\n<\/div>\n<\/div>\n<p>[\/et_pb_text][et_pb_text _builder_version=&#8221;4.27.4&#8243; _module_preset=&#8221;default&#8221; header_text_color=&#8221;#6a738c&#8221; header_2_text_color=&#8221;#23718c&#8221; global_colors_info=&#8221;{}&#8221;]<\/p>\n<div class=\"o-card-fullname__header\">\n<div class=\"o-card-fullname__header\">\n<h2 class=\"o-title o-title--mini o-title--darkblue\">Hidalgo Requena, Antonio<\/h2>\n<\/div>\n<div class=\"o-card-fullname__body\">\n<div id=\"id-field-field-function\">\n<div class=\"field field--name-field-function field--type-string-long field--label-hidden field__item\">Coordenador representante da<br \/>SEMERGEN. Medicina de fam\u00edlia. Centro de<br \/>Sa\u00fade Lucena I. Lucena. C\u00f3rdoba   <\/div>\n<\/div>\n<\/div>\n<\/div>\n<p>[\/et_pb_text][et_pb_text _builder_version=&#8221;4.27.4&#8243; _module_preset=&#8221;default&#8221; header_text_color=&#8221;#6a738c&#8221; header_2_text_color=&#8221;#23718c&#8221; global_colors_info=&#8221;{}&#8221;]<\/p>\n<div class=\"o-card-fullname__header\">\n<div class=\"o-card-fullname__header\">\n<h2 class=\"o-title o-title--mini o-title--darkblue\">Mart\u00ednez V\u00e1zquez, Mar\u00eda Mar<\/h2>\n<\/div>\n<div class=\"o-card-fullname__body\">\n<div id=\"id-field-field-function\">\n<div class=\"field field--name-field-function field--type-string-long field--label-hidden field__item\">Coordenadora representante da semFYC<br \/>e GRAP. Medicina de fam\u00edlia.<br \/>Centro de Sa\u00fade de Zorroza. Bilbao  <\/div>\n<\/div>\n<\/div>\n<\/div>\n<p>[\/et_pb_text][\/et_pb_column][\/et_pb_row][et_pb_row _builder_version=&#8221;4.27.4&#8243; _module_preset=&#8221;default&#8221; global_colors_info=&#8221;{}&#8221;][et_pb_column type=&#8221;4_4&#8243; _builder_version=&#8221;4.27.4&#8243; _module_preset=&#8221;default&#8221; global_colors_info=&#8221;{}&#8221;][et_pb_text _builder_version=&#8221;4.27.4&#8243; _module_preset=&#8221;default&#8221; header_text_align=&#8221;center&#8221; header_text_color=&#8221;#be0015&#8243; header_3_text_color=&#8221;#9c0011&#8243; global_colors_info=&#8221;{}&#8221;]<\/p>\n<div class=\"c-people__header\">\n<h3 class=\"o-title o-title--big\" style=\"text-align: center;\">Assessores do Comit\u00e9 Executivo<br \/>\n<\/h3>\n<\/div>\n<div class=\"view-content row c-people__content\">\n<div class=\"views-row\">\n<div class=\"contextual-region taxonomy-term vocabulary-coordinators o-card o-card-fullname\" about=\"\/taxonomy\/term\/138\">\n<div class=\"content o-card-recipient__content\">\n<div class=\"o-card-fullname__header\"><\/div>\n<\/div>\n<\/div>\n<\/div>\n<\/div>\n<p>[\/et_pb_text][et_pb_text _builder_version=&#8221;4.27.4&#8243; _module_preset=&#8221;default&#8221; header_text_color=&#8221;#6a738c&#8221; header_2_text_color=&#8221;#23718c&#8221; width=&#8221;100%&#8221; module_alignment=&#8221;center&#8221; global_colors_info=&#8221;{}&#8221;]<\/p>\n<div class=\"o-card-fullname__header\">\n<div class=\"o-card-fullname__header\">\n<div class=\"o-card-fullname__header\">\n<h2 class=\"o-title o-title--mini o-title--darkblue\">Blanco Aparicio, Marina<\/h2>\n<\/div>\n<div class=\"o-card-fullname__body\">\n<div id=\"id-field-field-center\">\n<div class=\"field field--name-field-center field--type-string-long field--label-hidden field__item\">Pneumologia. Complejo Hospitalario Universitario A Coru\u00f1a <\/div>\n<\/div>\n<\/div>\n<\/div>\n<\/div>\n<p>[\/et_pb_text][et_pb_text _builder_version=&#8221;4.27.4&#8243; _module_preset=&#8221;default&#8221; header_text_color=&#8221;#6a738c&#8221; header_2_text_color=&#8221;#23718c&#8221; width=&#8221;100%&#8221; module_alignment=&#8221;center&#8221; custom_padding=&#8221;1px|||||&#8221; global_colors_info=&#8221;{}&#8221;]<\/p>\n<div class=\"o-card-fullname__header\">\n<div class=\"o-card-fullname__header\">\n<div class=\"o-card-fullname__header\">\n<h2 class=\"o-title o-title--mini o-title--darkblue\">Plaza Moral, Vicente<\/h2>\n<\/div>\n<div class=\"o-card-fullname__body\">\n<div id=\"id-field-field-center\">\n<div class=\"field field--name-field-center field--type-string-long field--label-hidden field__item\">Pneumologia. Hospital de la Santa Creu i Sant Pau. Barcelona  <\/div>\n<\/div>\n<\/div>\n<\/div>\n<\/div>\n<p>[\/et_pb_text][\/et_pb_column][\/et_pb_row][et_pb_row _builder_version=&#8221;4.27.4&#8243; _module_preset=&#8221;default&#8221; global_colors_info=&#8221;{}&#8221;][et_pb_column type=&#8221;4_4&#8243; _builder_version=&#8221;4.27.4&#8243; _module_preset=&#8221;default&#8221; global_colors_info=&#8221;{}&#8221;][et_pb_text _builder_version=&#8221;4.27.4&#8243; _module_preset=&#8221;default&#8221; header_text_align=&#8221;center&#8221; header_text_color=&#8221;#be0015&#8243; global_colors_info=&#8221;{}&#8221;]<\/p>\n<div class=\"c-people__header\">\n<h1 class=\"o-title o-title--big\">Redatores<br \/>\n<\/h1>\n<\/div>\n<div class=\"view-content row c-people__content\">\n<div class=\"views-row\">\n<div class=\"contextual-region taxonomy-term vocabulary-coordinators o-card o-card-fullname\" about=\"\/taxonomy\/term\/138\">\n<div class=\"content o-card-recipient__content\">\n<div class=\"o-card-fullname__header\"><\/div>\n<\/div>\n<\/div>\n<\/div>\n<\/div>\n<p>[\/et_pb_text][\/et_pb_column][\/et_pb_row][et_pb_row column_structure=&#8221;1_3,1_3,1_3&#8243; _builder_version=&#8221;4.27.4&#8243; _module_preset=&#8221;default&#8221; global_colors_info=&#8221;{}&#8221;][et_pb_column type=&#8221;1_3&#8243; _builder_version=&#8221;4.27.4&#8243; _module_preset=&#8221;default&#8221; global_colors_info=&#8221;{}&#8221;][et_pb_text _builder_version=&#8221;4.27.4&#8243; _module_preset=&#8221;default&#8221; header_text_color=&#8221;#6a738c&#8221; header_2_text_color=&#8221;#23718c&#8221; global_colors_info=&#8221;{}&#8221;]<\/p>\n<div class=\"o-card-fullname__header\">\n<div class=\"o-card-fullname__header\">\n<h2 class=\"o-title o-title--mini o-title--darkblue\">Almonacid S\u00e1nchez, Carlos<\/h2>\n<\/div>\n<div class=\"o-card-fullname__body\">\n<div id=\"id-field-field-center\">\n<div class=\"field field--name-field-center field--type-string-long field--label-hidden field__item\">Hospital Universit\u00e1rio Puerta de Hierro<br \/>Majadahonda. Madrid <\/div>\n<\/div>\n<\/div>\n<\/div>\n<p>\u200b<\/p>\n<p>[\/et_pb_text][\/et_pb_column][et_pb_column type=&#8221;1_3&#8243; _builder_version=&#8221;4.27.4&#8243; _module_preset=&#8221;default&#8221; global_colors_info=&#8221;{}&#8221;][et_pb_text _builder_version=&#8221;4.27.4&#8243; _module_preset=&#8221;default&#8221; header_text_color=&#8221;#6a738c&#8221; header_2_text_color=&#8221;#23718c&#8221; global_colors_info=&#8221;{}&#8221;]<\/p>\n<div class=\"o-card-fullname__header\">\n<div class=\"o-card-fullname__header\">\n<div class=\"o-card-fullname__header\">\n<h2 class=\"o-title o-title--mini o-title--darkblue\">\u00c1lvarez Guti\u00e9rrez, Francisco Javier<\/h2>\n<\/div>\n<div class=\"o-card-fullname__body\">\n<div id=\"id-field-field-center\">\n<div class=\"field field--name-field-center field--type-string-long field--label-hidden field__item\">Hospital Universit\u00e1rio Virgen del Roc\u00edo.<br \/>Sevilla<\/div>\n<\/div>\n<\/div>\n<\/div>\n<\/div>\n<p>[\/et_pb_text][\/et_pb_column][et_pb_column type=&#8221;1_3&#8243; _builder_version=&#8221;4.27.4&#8243; _module_preset=&#8221;default&#8221; global_colors_info=&#8221;{}&#8221;][et_pb_text _builder_version=&#8221;4.27.4&#8243; _module_preset=&#8221;default&#8221; header_text_color=&#8221;#6a738c&#8221; header_2_text_color=&#8221;#23718c&#8221; global_colors_info=&#8221;{}&#8221;]<\/p>\n<div class=\"o-card-fullname__header\">\n<div class=\"o-card-fullname__header\">\n<div class=\"o-card-fullname__header\">\n<h2 class=\"o-title o-title--mini o-title--darkblue\">De Arriba M\u00e9ndez, Sonia<\/h2>\n<\/div>\n<div class=\"o-card-fullname__body\">\n<div id=\"id-field-field-center\">\n<div class=\"field field--name-field-center field--type-string-long field--label-hidden field__item\">Hospital Cl\u00ednico Universit\u00e1rio de Salamanca<br \/>Salamanca<\/div>\n<\/div>\n<\/div>\n<\/div>\n<\/div>\n<p>[\/et_pb_text][\/et_pb_column][\/et_pb_row][et_pb_row column_structure=&#8221;1_3,1_3,1_3&#8243; _builder_version=&#8221;4.27.4&#8243; _module_preset=&#8221;default&#8221; global_colors_info=&#8221;{}&#8221;][et_pb_column type=&#8221;1_3&#8243; _builder_version=&#8221;4.27.4&#8243; _module_preset=&#8221;default&#8221; global_colors_info=&#8221;{}&#8221;][et_pb_text _builder_version=&#8221;4.27.4&#8243; _module_preset=&#8221;default&#8221; header_text_color=&#8221;#6a738c&#8221; header_2_text_color=&#8221;#23718c&#8221; global_colors_info=&#8221;{}&#8221;]<\/p>\n<div class=\"o-card-fullname__header\">\n<div class=\"o-card-fullname__header\">\n<h2 class=\"o-title o-title--mini o-title--darkblue\">Barros Monge, Manuel<\/h2>\n<\/div>\n<div class=\"o-card-fullname__body\">\n<div id=\"id-field-field-center\">\n<div class=\"field field--name-field-center field--type-string-long field--label-hidden field__item\">Hospital van Buren. Facultad de Medicina.<br \/>Universidad de Valpara\u00edso, Chile <\/div>\n<\/div>\n<\/div>\n<\/div>\n<p>\u200b<\/p>\n<p>[\/et_pb_text][\/et_pb_column][et_pb_column type=&#8221;1_3&#8243; _builder_version=&#8221;4.27.4&#8243; _module_preset=&#8221;default&#8221; global_colors_info=&#8221;{}&#8221;][et_pb_text _builder_version=&#8221;4.27.4&#8243; _module_preset=&#8221;default&#8221; header_text_color=&#8221;#6a738c&#8221; header_2_text_color=&#8221;#23718c&#8221; global_colors_info=&#8221;{}&#8221;]<\/p>\n<div class=\"o-card-fullname__header\">\n<div class=\"o-card-fullname__header\">\n<div class=\"o-card-fullname__header\">\n<h2 class=\"o-title o-title--mini o-title--darkblue\">Bergna, Miguel \u00c1ngel<\/h2>\n<\/div>\n<div class=\"o-card-fullname__body\">\n<div id=\"id-field-field-center\">\n<div class=\"field field--name-field-center field--type-string-long field--label-hidden field__item\">Hospital del T\u00f3rax Dr. Antonio Cetrangolo.<br \/>Vicente L\u00f3pez. Buenos Aires. Argentina  <\/div>\n<\/div>\n<\/div>\n<\/div>\n<\/div>\n<p>[\/et_pb_text][\/et_pb_column][et_pb_column type=&#8221;1_3&#8243; _builder_version=&#8221;4.27.4&#8243; _module_preset=&#8221;default&#8221; global_colors_info=&#8221;{}&#8221;][et_pb_text _builder_version=&#8221;4.27.4&#8243; _module_preset=&#8221;default&#8221; header_text_color=&#8221;#6a738c&#8221; header_2_text_color=&#8221;#23718c&#8221; global_colors_info=&#8221;{}&#8221;]<\/p>\n<div class=\"o-card-fullname__header\">\n<div class=\"o-card-fullname__header\">\n<div class=\"o-card-fullname__header\">\n<h2 class=\"o-title o-title--mini o-title--darkblue\">Carretero Gracia, Jos\u00e9 \u00c1ngel<\/h2>\n<\/div>\n<div class=\"o-card-fullname__body\">\n<div id=\"id-field-field-center\">\n<div class=\"field field--name-field-center field--type-string-long field--label-hidden field__item\">Hospital Royo Villanova. Zaragoza <\/div>\n<\/div>\n<\/div>\n<\/div>\n<\/div>\n<p>[\/et_pb_text][\/et_pb_column][\/et_pb_row][et_pb_row column_structure=&#8221;1_3,1_3,1_3&#8243; _builder_version=&#8221;4.27.4&#8243; _module_preset=&#8221;default&#8221; global_colors_info=&#8221;{}&#8221;][et_pb_column type=&#8221;1_3&#8243; _builder_version=&#8221;4.27.4&#8243; _module_preset=&#8221;default&#8221; global_colors_info=&#8221;{}&#8221;][et_pb_text _builder_version=&#8221;4.27.4&#8243; _module_preset=&#8221;default&#8221; header_text_color=&#8221;#6a738c&#8221; header_2_text_color=&#8221;#23718c&#8221; global_colors_info=&#8221;{}&#8221;]<\/p>\n<div class=\"o-card-fullname__header\">\n<div class=\"o-card-fullname__header\">\n<h2 class=\"o-title o-title--mini o-title--darkblue\">Celis Preciado, Carlos Andr\u00e9s<\/h2>\n<\/div>\n<div class=\"o-card-fullname__body\">\n<div id=\"id-field-field-center\">\n<div class=\"field field--name-field-center field--type-string-long field--label-hidden field__item\">Asociaci\u00f3n Colombiana de Neumolog\u00eda<br \/>y Cirug\u00eda de T\u00f3rax.<br \/>Hospital Universitario San Ignacio. Pontificia<br \/>Universidad Javeriana. Bogot\u00e1 (Colombia).  <\/div>\n<\/div>\n<\/div>\n<\/div>\n<p>[\/et_pb_text][\/et_pb_column][et_pb_column type=&#8221;1_3&#8243; _builder_version=&#8221;4.27.4&#8243; _module_preset=&#8221;default&#8221; global_colors_info=&#8221;{}&#8221;][et_pb_text _builder_version=&#8221;4.27.4&#8243; _module_preset=&#8221;default&#8221; header_text_color=&#8221;#6a738c&#8221; header_2_text_color=&#8221;#23718c&#8221; global_colors_info=&#8221;{}&#8221;]<\/p>\n<div class=\"o-card-fullname__header\">\n<div class=\"o-card-fullname__header\">\n<div class=\"o-card-fullname__header\">\n<h2 class=\"o-title o-title--mini o-title--darkblue\">Cisneros Serrano, Carolina<\/h2>\n<\/div>\n<div class=\"o-card-fullname__body\">\n<div id=\"id-field-field-center\">\n<div class=\"field field--name-field-center field--type-string-long field--label-hidden field__item\">Hospital Universit\u00e1rio de La Princesa. Madrid <\/div>\n<\/div>\n<\/div>\n<\/div>\n<\/div>\n<p>[\/et_pb_text][\/et_pb_column][et_pb_column type=&#8221;1_3&#8243; _builder_version=&#8221;4.27.4&#8243; _module_preset=&#8221;default&#8221; global_colors_info=&#8221;{}&#8221;][et_pb_text _builder_version=&#8221;4.27.4&#8243; _module_preset=&#8221;default&#8221; header_text_color=&#8221;#6a738c&#8221; header_2_text_color=&#8221;#23718c&#8221; global_colors_info=&#8221;{}&#8221;]<\/p>\n<div class=\"o-card-fullname__header\">\n<div class=\"o-card-fullname__header\">\n<div class=\"o-card-fullname__header\">\n<h2 class=\"o-title o-title--mini o-title--darkblue\">Del Cuvillo Bernal, Alfonso<\/h2>\n<\/div>\n<div class=\"o-card-fullname__body\">\n<div id=\"id-field-field-center\">\n<div class=\"field field--name-field-center field--type-string-long field--label-hidden field__item\">Hospital del Servicio Andaluz de Salud de<br \/>Jerez. C\u00e1diz <\/div>\n<\/div>\n<\/div>\n<\/div>\n<\/div>\n<p>[\/et_pb_text][\/et_pb_column][\/et_pb_row][et_pb_row column_structure=&#8221;1_3,1_3,1_3&#8243; _builder_version=&#8221;4.27.4&#8243; _module_preset=&#8221;default&#8221; global_colors_info=&#8221;{}&#8221;][et_pb_column type=&#8221;1_3&#8243; _builder_version=&#8221;4.27.4&#8243; _module_preset=&#8221;default&#8221; global_colors_info=&#8221;{}&#8221;][et_pb_text _builder_version=&#8221;4.27.4&#8243; _module_preset=&#8221;default&#8221; header_text_color=&#8221;#6a738c&#8221; header_2_text_color=&#8221;#23718c&#8221; global_colors_info=&#8221;{}&#8221;]<\/p>\n<div class=\"o-card-fullname__header\">\n<div class=\"o-card-fullname__header\">\n<h2 class=\"o-title o-title--mini o-title--darkblue\">D\u00e1vila Gonz\u00e1lez, Ignacio<\/h2>\n<\/div>\n<div class=\"o-card-fullname__body\">\n<div id=\"id-field-field-center\">\n<div class=\"field field--name-field-center field--type-string-long field--label-hidden field__item\">Complejo Asistencial Universitario de<br \/>Salamanca.<\/div>\n<\/div>\n<\/div>\n<\/div>\n<p>[\/et_pb_text][\/et_pb_column][et_pb_column type=&#8221;1_3&#8243; _builder_version=&#8221;4.27.4&#8243; _module_preset=&#8221;default&#8221; global_colors_info=&#8221;{}&#8221;][et_pb_text _builder_version=&#8221;4.27.4&#8243; _module_preset=&#8221;default&#8221; header_text_color=&#8221;#6a738c&#8221; header_2_text_color=&#8221;#23718c&#8221; global_colors_info=&#8221;{}&#8221;]<\/p>\n<div class=\"o-card-fullname__header\">\n<div class=\"o-card-fullname__header\">\n<div class=\"o-card-fullname__header\">\n<h2 class=\"o-title o-title--mini o-title--darkblue\">Dom\u00ednguez Ortega, Javier<\/h2>\n<\/div>\n<div class=\"o-card-fullname__body\">\n<div id=\"id-field-field-center\">\n<div class=\"field field--name-field-center field--type-string-long field--label-hidden field__item\">Hospital Universit\u00e1rio La Paz. Madrid <\/div>\n<\/div>\n<\/div>\n<\/div>\n<\/div>\n<p>[\/et_pb_text][\/et_pb_column][et_pb_column type=&#8221;1_3&#8243; _builder_version=&#8221;4.27.4&#8243; _module_preset=&#8221;default&#8221; global_colors_info=&#8221;{}&#8221;][et_pb_text _builder_version=&#8221;4.27.4&#8243; _module_preset=&#8221;default&#8221; header_text_color=&#8221;#6a738c&#8221; header_2_text_color=&#8221;#23718c&#8221; global_colors_info=&#8221;{}&#8221;]<\/p>\n<div class=\"o-card-fullname__header\">\n<div class=\"o-card-fullname__header\">\n<div class=\"o-card-fullname__header\">\n<h2 class=\"o-title o-title--mini o-title--darkblue\">Flor Escriche, Xavier<\/h2>\n<\/div>\n<div class=\"o-card-fullname__body\">\n<div id=\"id-field-field-center\">\n<div class=\"field field--name-field-center field--type-string-long field--label-hidden field__item\">EAP Chafarinas. Barcelona <\/div>\n<\/div>\n<\/div>\n<\/div>\n<\/div>\n<p>[\/et_pb_text][\/et_pb_column][\/et_pb_row][et_pb_row column_structure=&#8221;1_3,1_3,1_3&#8243; _builder_version=&#8221;4.27.4&#8243; _module_preset=&#8221;default&#8221; global_colors_info=&#8221;{}&#8221;][et_pb_column type=&#8221;1_3&#8243; _builder_version=&#8221;4.27.4&#8243; _module_preset=&#8221;default&#8221; global_colors_info=&#8221;{}&#8221;][et_pb_text _builder_version=&#8221;4.27.4&#8243; _module_preset=&#8221;default&#8221; header_text_color=&#8221;#6a738c&#8221; header_2_text_color=&#8221;#23718c&#8221; global_colors_info=&#8221;{}&#8221;]<\/p>\n<div class=\"o-card-fullname__header\">\n<div class=\"o-card-fullname__header\">\n<h2 class=\"o-title o-title--mini o-title--darkblue\">Garc\u00eda Lorenzo, Jacinto<\/h2>\n<\/div>\n<div class=\"o-card-fullname__body\">\n<div id=\"id-field-field-center\">\n<div class=\"field field--name-field-center field--type-string-long field--label-hidden field__item\">Hospital de la Santa Creu i Sant Pau.<br \/>Barcelona<\/div>\n<\/div>\n<\/div>\n<\/div>\n<p>[\/et_pb_text][\/et_pb_column][et_pb_column type=&#8221;1_3&#8243; _builder_version=&#8221;4.27.4&#8243; _module_preset=&#8221;default&#8221; global_colors_info=&#8221;{}&#8221;][et_pb_text _builder_version=&#8221;4.27.4&#8243; _module_preset=&#8221;default&#8221; header_text_color=&#8221;#6a738c&#8221; header_2_text_color=&#8221;#23718c&#8221; global_colors_info=&#8221;{}&#8221;]<\/p>\n<div class=\"o-card-fullname__header\">\n<div class=\"o-card-fullname__header\">\n<div class=\"o-card-fullname__header\">\n<h2 class=\"o-title o-title--mini o-title--darkblue\">Ur\u00e9ndez Ruiz, Ana Mar\u00eda<\/h2>\n<\/div>\n<div class=\"o-card-fullname__body\">\n<div id=\"id-field-field-center\">\n<div class=\"field field--name-field-center field--type-string-long field--label-hidden field__item\">Enfermer\u00eda GRAP<br \/>SAMU 061 Baleares<\/div>\n<\/div>\n<\/div>\n<\/div>\n<\/div>\n<p>[\/et_pb_text][\/et_pb_column][et_pb_column type=&#8221;1_3&#8243; _builder_version=&#8221;4.27.4&#8243; _module_preset=&#8221;default&#8221; global_colors_info=&#8221;{}&#8221;][et_pb_text _builder_version=&#8221;4.27.4&#8243; _module_preset=&#8221;default&#8221; header_text_color=&#8221;#6a738c&#8221; header_2_text_color=&#8221;#23718c&#8221; global_colors_info=&#8221;{}&#8221;]<\/p>\n<div class=\"o-card-fullname__header\">\n<div class=\"o-card-fullname__header\">\n<div class=\"o-card-fullname__header\">\n<h2 class=\"o-title o-title--mini o-title--darkblue\">Valero Santiago, Antonio<\/h2>\n<\/div>\n<div class=\"o-card-fullname__body\">\n<div id=\"id-field-field-center\">\n<div class=\"field field--name-field-center field--type-string-long field--label-hidden field__item\">Hospital Clinic i Universitari de Barcelona<\/div>\n<\/div>\n<\/div>\n<\/div>\n<\/div>\n<p>[\/et_pb_text][\/et_pb_column][\/et_pb_row][et_pb_row column_structure=&#8221;1_3,1_3,1_3&#8243; _builder_version=&#8221;4.27.4&#8243; _module_preset=&#8221;default&#8221; global_colors_info=&#8221;{}&#8221;][et_pb_column type=&#8221;1_3&#8243; _builder_version=&#8221;4.27.4&#8243; _module_preset=&#8221;default&#8221; global_colors_info=&#8221;{}&#8221;][et_pb_text _builder_version=&#8221;4.27.4&#8243; _module_preset=&#8221;default&#8221; header_text_color=&#8221;#6a738c&#8221; header_2_text_color=&#8221;#23718c&#8221; global_colors_info=&#8221;{}&#8221;]<\/p>\n<div class=\"o-card-fullname__header\">\n<div class=\"o-card-fullname__header\">\n<h2 class=\"o-title o-title--mini o-title--darkblue\">Valverde Molina, Jos\u00e9<\/h2>\n<\/div>\n<div class=\"o-card-fullname__body\">\n<div id=\"id-field-field-center\">\n<div class=\"field field--name-field-center field--type-string-long field--label-hidden field__item\">Hospital General Universitario Santa Luc\u00eda.<br \/>Cartagena<\/div>\n<\/div>\n<\/div>\n<\/div>\n<p>[\/et_pb_text][\/et_pb_column][et_pb_column type=&#8221;1_3&#8243; _builder_version=&#8221;4.27.4&#8243; _module_preset=&#8221;default&#8221; global_colors_info=&#8221;{}&#8221;][et_pb_text _builder_version=&#8221;4.27.4&#8243; _module_preset=&#8221;default&#8221; header_text_color=&#8221;#6a738c&#8221; header_2_text_color=&#8221;#23718c&#8221; global_colors_info=&#8221;{}&#8221;]<\/p>\n<div class=\"o-card-fullname__header\">\n<div class=\"o-card-fullname__header\">\n<div class=\"o-card-fullname__header\">\n<h2 class=\"o-title o-title--mini o-title--darkblue\">V\u00e1zquez Garc\u00eda, Juan Carlos<\/h2>\n<\/div>\n<div class=\"o-card-fullname__body\">\n<div id=\"id-field-field-center\">\n<div class=\"field field--name-field-center field--type-string-long field--label-hidden field__item\">Director de Ense\u00f1anza, INER<br \/>Profesor titular de Neumolog\u00eda, UNAM-INER<br \/>Instituto Nacional de Enfermedades<br \/>Respiratorias \u2013 INER. Ciudad de M\u00e9xico <\/div>\n<\/div>\n<\/div>\n<\/div>\n<\/div>\n<p>[\/et_pb_text][\/et_pb_column][et_pb_column type=&#8221;1_3&#8243; _builder_version=&#8221;4.27.4&#8243; _module_preset=&#8221;default&#8221; global_colors_info=&#8221;{}&#8221;][et_pb_text _builder_version=&#8221;4.27.4&#8243; _module_preset=&#8221;default&#8221; header_text_color=&#8221;#6a738c&#8221; header_2_text_color=&#8221;#23718c&#8221; global_colors_info=&#8221;{}&#8221;]<\/p>\n<div class=\"o-card-fullname__header\">\n<div class=\"o-card-fullname__header\">\n<div class=\"o-card-fullname__header\">\n<h2 class=\"o-title o-title--mini o-title--darkblue\">Gil Adrados, Ana Carmen<\/h2>\n<\/div>\n<div class=\"o-card-fullname__body\">\n<div id=\"id-field-field-center\">\n<div class=\"field field--name-field-center field--type-string-long field--label-hidden field__item\">Centro de Salud La Solana<br \/>Talavera de la Reina. Toledo <\/div>\n<\/div>\n<\/div>\n<\/div>\n<\/div>\n<p>[\/et_pb_text][\/et_pb_column][\/et_pb_row][et_pb_row column_structure=&#8221;1_3,1_3,1_3&#8243; _builder_version=&#8221;4.27.4&#8243; _module_preset=&#8221;default&#8221; global_colors_info=&#8221;{}&#8221;][et_pb_column type=&#8221;1_3&#8243; _builder_version=&#8221;4.27.4&#8243; _module_preset=&#8221;default&#8221; global_colors_info=&#8221;{}&#8221;][et_pb_text _builder_version=&#8221;4.27.4&#8243; _module_preset=&#8221;default&#8221; header_text_color=&#8221;#6a738c&#8221; header_2_text_color=&#8221;#23718c&#8221; global_colors_info=&#8221;{}&#8221;]<\/p>\n<div class=\"o-card-fullname__header\">\n<div class=\"o-card-fullname__header\">\n<h2 class=\"o-title o-title--mini o-title--darkblue\">Giner Donaire, Jordi<\/h2>\n<\/div>\n<div class=\"o-card-fullname__body\">\n<div id=\"id-field-field-center\">\n<div class=\"field field--name-field-center field--type-string-long field--label-hidden field__item\">Enfermer\u00eda de SEPAR<br \/>Hospital de la Santa Creu i Sant Pau.<br \/>Barcelona<\/div>\n<\/div>\n<\/div>\n<\/div>\n<p>[\/et_pb_text][\/et_pb_column][et_pb_column type=&#8221;1_3&#8243; _builder_version=&#8221;4.27.4&#8243; _module_preset=&#8221;default&#8221; global_colors_info=&#8221;{}&#8221;][et_pb_text _builder_version=&#8221;4.27.4&#8243; _module_preset=&#8221;default&#8221; header_text_color=&#8221;#6a738c&#8221; header_2_text_color=&#8221;#23718c&#8221; global_colors_info=&#8221;{}&#8221;]<\/p>\n<div class=\"o-card-fullname__header\">\n<div class=\"o-card-fullname__header\">\n<div class=\"o-card-fullname__header\">\n<h2 class=\"o-title o-title--mini o-title--darkblue\">Lobo \u00c1lvarez, Miguel \u00c1ngel<\/h2>\n<\/div>\n<div class=\"o-card-fullname__body\">\n<div id=\"id-field-field-center\">\n<div class=\"field field--name-field-center field--type-string-long field--label-hidden field__item\">EAP Gandhi. Madrid <\/div>\n<\/div>\n<\/div>\n<\/div>\n<\/div>\n<p>[\/et_pb_text][\/et_pb_column][et_pb_column type=&#8221;1_3&#8243; _builder_version=&#8221;4.27.4&#8243; _module_preset=&#8221;default&#8221; global_colors_info=&#8221;{}&#8221;][et_pb_text _builder_version=&#8221;4.27.4&#8243; _module_preset=&#8221;default&#8221; header_text_color=&#8221;#6a738c&#8221; header_2_text_color=&#8221;#23718c&#8221; global_colors_info=&#8221;{}&#8221;]<\/p>\n<div class=\"o-card-fullname__header\">\n<div class=\"o-card-fullname__header\">\n<div class=\"o-card-fullname__header\">\n<h2 class=\"o-title o-title--mini o-title--darkblue\">Lozano Blasco, Jaime<\/h2>\n<\/div>\n<div class=\"o-card-fullname__body\">\n<div id=\"id-field-field-center\">\n<div class=\"field field--name-field-center field--type-string-long field--label-hidden field__item\">Hospital Sant Joan de D\u00e9u. Barcelona <\/div>\n<\/div>\n<\/div>\n<\/div>\n<\/div>\n<p>[\/et_pb_text][\/et_pb_column][\/et_pb_row][et_pb_row column_structure=&#8221;1_3,1_3,1_3&#8243; _builder_version=&#8221;4.27.4&#8243; _module_preset=&#8221;default&#8221; global_colors_info=&#8221;{}&#8221;][et_pb_column type=&#8221;1_3&#8243; _builder_version=&#8221;4.27.4&#8243; _module_preset=&#8221;default&#8221; global_colors_info=&#8221;{}&#8221;][et_pb_text _builder_version=&#8221;4.27.4&#8243; _module_preset=&#8221;default&#8221; header_text_color=&#8221;#6a738c&#8221; header_2_text_color=&#8221;#23718c&#8221; global_colors_info=&#8221;{}&#8221;]<\/p>\n<div class=\"o-card-fullname__header\">\n<div class=\"o-card-fullname__header\">\n<h2 class=\"o-title o-title--mini o-title--darkblue\">Mor\u00e1n Rodr\u00edguez, Ana<\/h2>\n<\/div>\n<div class=\"o-card-fullname__body\">\n<div id=\"id-field-field-center\">\n<div class=\"field field--name-field-center field--type-string-long field--label-hidden field__item\">Dispositivo de Cuidados Cr\u00edticos y<br \/>Urgencias (DCCU) del Distrito de AP Bah\u00eda<br \/>de C\u00e1diz-La Janda. C\u00e1diz <\/div>\n<\/div>\n<\/div>\n<\/div>\n<p>[\/et_pb_text][\/et_pb_column][et_pb_column type=&#8221;1_3&#8243; _builder_version=&#8221;4.27.4&#8243; _module_preset=&#8221;default&#8221; global_colors_info=&#8221;{}&#8221;][et_pb_text _builder_version=&#8221;4.27.4&#8243; _module_preset=&#8221;default&#8221; header_text_color=&#8221;#6a738c&#8221; header_2_text_color=&#8221;#23718c&#8221; global_colors_info=&#8221;{}&#8221;]<\/p>\n<div class=\"o-card-fullname__header\">\n<div class=\"o-card-fullname__header\">\n<div class=\"o-card-fullname__header\">\n<h2 class=\"o-title o-title--mini o-title--darkblue\">Navarro Pulido, Ana Mar\u00eda<\/h2>\n<\/div>\n<div class=\"o-card-fullname__body\">\n<div id=\"id-field-field-center\">\n<div class=\"field field--name-field-center field--type-string-long field--label-hidden field__item\">Hospital El Tomillar. \u00c1rea de Gesti\u00f3n<br \/>Sanitaria Sur. Sevilla  <\/div>\n<\/div>\n<\/div>\n<\/div>\n<\/div>\n<p>[\/et_pb_text][\/et_pb_column][et_pb_column type=&#8221;1_3&#8243; _builder_version=&#8221;4.27.4&#8243; _module_preset=&#8221;default&#8221; global_colors_info=&#8221;{}&#8221;][et_pb_text _builder_version=&#8221;4.27.4&#8243; _module_preset=&#8221;default&#8221; header_text_color=&#8221;#6a738c&#8221; header_2_text_color=&#8221;#23718c&#8221; global_colors_info=&#8221;{}&#8221;]<\/p>\n<div class=\"o-card-fullname__header\">\n<div class=\"o-card-fullname__header\">\n<div class=\"o-card-fullname__header\">\n<h2 class=\"o-title o-title--mini o-title--darkblue\">Olagu\u00edbel Rivera, Jos\u00e9 Mar\u00eda<\/h2>\n<\/div>\n<div class=\"o-card-fullname__body\">\n<div id=\"id-field-field-center\">\n<div class=\"field field--name-field-center field--type-string-long field--label-hidden field__item\">Complejo Hospitalario de Navarra. Pamplona <\/div>\n<\/div>\n<\/div>\n<\/div>\n<\/div>\n<p>[\/et_pb_text][\/et_pb_column][\/et_pb_row][et_pb_row column_structure=&#8221;1_3,1_3,1_3&#8243; _builder_version=&#8221;4.27.4&#8243; _module_preset=&#8221;default&#8221; global_colors_info=&#8221;{}&#8221;][et_pb_column type=&#8221;1_3&#8243; _builder_version=&#8221;4.27.4&#8243; _module_preset=&#8221;default&#8221; global_colors_info=&#8221;{}&#8221;][et_pb_text _builder_version=&#8221;4.27.4&#8243; _module_preset=&#8221;default&#8221; header_text_color=&#8221;#6a738c&#8221; header_2_text_color=&#8221;#23718c&#8221; global_colors_info=&#8221;{}&#8221;]<\/p>\n<div class=\"o-card-fullname__header\">\n<div class=\"o-card-fullname__header\">\n<h2 class=\"o-title o-title--mini o-title--darkblue\">Ortega Casanueva, Cristina<\/h2>\n<\/div>\n<div class=\"o-card-fullname__body\">\n<div id=\"id-field-field-center\">\n<div class=\"field field--name-field-center field--type-string-long field--label-hidden field__item\">Centro M\u00e9dico Materno-Infantil Senda. Madrid <\/div>\n<\/div>\n<\/div>\n<\/div>\n<p>[\/et_pb_text][\/et_pb_column][et_pb_column type=&#8221;1_3&#8243; _builder_version=&#8221;4.27.4&#8243; _module_preset=&#8221;default&#8221; global_colors_info=&#8221;{}&#8221;][et_pb_text _builder_version=&#8221;4.27.4&#8243; _module_preset=&#8221;default&#8221; header_text_color=&#8221;#6a738c&#8221; header_2_text_color=&#8221;#23718c&#8221; global_colors_info=&#8221;{}&#8221;]<\/p>\n<div class=\"o-card-fullname__header\">\n<div class=\"o-card-fullname__header\">\n<div class=\"o-card-fullname__header\">\n<h2 class=\"o-title o-title--mini o-title--darkblue\">Pi\u00f1era Salmer\u00f3n, Pascual<\/h2>\n<\/div>\n<div class=\"o-card-fullname__body\">\n<div id=\"id-field-field-center\">\n<div class=\"field field--name-field-center field--type-string-long field--label-hidden field__item\">Hospital General Universitario Reina Sof\u00eda.<br \/>Murcia<\/div>\n<\/div>\n<\/div>\n<\/div>\n<\/div>\n<p>[\/et_pb_text][\/et_pb_column][et_pb_column type=&#8221;1_3&#8243; _builder_version=&#8221;4.27.4&#8243; _module_preset=&#8221;default&#8221; global_colors_info=&#8221;{}&#8221;][et_pb_text _builder_version=&#8221;4.27.4&#8243; _module_preset=&#8221;default&#8221; header_text_color=&#8221;#6a738c&#8221; header_2_text_color=&#8221;#23718c&#8221; global_colors_info=&#8221;{}&#8221;]<\/p>\n<div class=\"o-card-fullname__header\">\n<div class=\"o-card-fullname__header\">\n<div class=\"o-card-fullname__header\">\n<h2 class=\"o-title o-title--mini o-title--darkblue\">Rueda Esteban, Santiago<\/h2>\n<\/div>\n<div class=\"o-card-fullname__body\">\n<div id=\"id-field-field-center\">\n<div class=\"field field--name-field-center field--type-string-long field--label-hidden field__item\">Hospital Universitario Cl\u00ednico San Carlos.<br \/>Madrid<\/div>\n<\/div>\n<\/div>\n<\/div>\n<\/div>\n<p>[\/et_pb_text][\/et_pb_column][\/et_pb_row][et_pb_row column_structure=&#8221;1_3,1_3,1_3&#8243; _builder_version=&#8221;4.27.4&#8243; _module_preset=&#8221;default&#8221; global_colors_info=&#8221;{}&#8221;][et_pb_column type=&#8221;1_3&#8243; _builder_version=&#8221;4.27.4&#8243; _module_preset=&#8221;default&#8221; global_colors_info=&#8221;{}&#8221;][et_pb_text _builder_version=&#8221;4.27.4&#8243; _module_preset=&#8221;default&#8221; header_text_color=&#8221;#6a738c&#8221; header_2_text_color=&#8221;#23718c&#8221; global_colors_info=&#8221;{}&#8221;]<\/p>\n<div class=\"o-card-fullname__header\">\n<div class=\"o-card-fullname__header\">\n<h2 class=\"o-title o-title--mini o-title--darkblue\">S\u00e1ez Mart\u00ednez, Francisco Jos\u00e9<\/h2>\n<\/div>\n<div class=\"o-card-fullname__body\">\n<div id=\"id-field-field-center\">\n<div class=\"field field--name-field-center field--type-string-long field--label-hidden field__item\">Centro de Salud de Arganda del Rey.<br \/>Direcci\u00f3n Asistencial Sureste. Madrid <\/div>\n<\/div>\n<\/div>\n<\/div>\n<p>[\/et_pb_text][\/et_pb_column][et_pb_column type=&#8221;1_3&#8243; _builder_version=&#8221;4.27.4&#8243; _module_preset=&#8221;default&#8221; global_colors_info=&#8221;{}&#8221;][et_pb_text _builder_version=&#8221;4.27.4&#8243; _module_preset=&#8221;default&#8221; header_text_color=&#8221;#6a738c&#8221; header_2_text_color=&#8221;#23718c&#8221; global_colors_info=&#8221;{}&#8221;]<\/p>\n<div class=\"o-card-fullname__header\">\n<div class=\"o-card-fullname__header\">\n<div class=\"o-card-fullname__header\">\n<h2 class=\"o-title o-title--mini o-title--darkblue\">Soto Campos, Gregorio<\/h2>\n<\/div>\n<div class=\"o-card-fullname__body\">\n<div id=\"id-field-field-center\">\n<div class=\"field field--name-field-center field--type-string-long field--label-hidden field__item\">Hospital Jerez de la Frontera. C\u00e1diz <\/div>\n<\/div>\n<\/div>\n<\/div>\n<\/div>\n<p>[\/et_pb_text][\/et_pb_column][et_pb_column type=&#8221;1_3&#8243; _builder_version=&#8221;4.27.4&#8243; _module_preset=&#8221;default&#8221; global_colors_info=&#8221;{}&#8221;][et_pb_text _builder_version=&#8221;4.27.4&#8243; _module_preset=&#8221;default&#8221; header_text_color=&#8221;#6a738c&#8221; header_2_text_color=&#8221;#23718c&#8221; global_colors_info=&#8221;{}&#8221;]<\/p>\n<div class=\"o-card-fullname__header\">\n<div class=\"o-card-fullname__header\">\n<div class=\"o-card-fullname__header\">\n<h2 class=\"o-title o-title--mini o-title--darkblue\">Trigueros Carrero, Juan Antonio<\/h2>\n<\/div>\n<div class=\"o-card-fullname__body\">\n<div id=\"id-field-field-center\">\n<div class=\"field field--name-field-center field--type-string-long field--label-hidden field__item\">Centro de Salud de Menasalbas. Toledo <\/div>\n<\/div>\n<\/div>\n<\/div>\n<\/div>\n<p>[\/et_pb_text][\/et_pb_column][\/et_pb_row][et_pb_row column_structure=&#8221;1_3,1_3,1_3&#8243; _builder_version=&#8221;4.27.4&#8243; _module_preset=&#8221;default&#8221; global_colors_info=&#8221;{}&#8221;][et_pb_column type=&#8221;1_3&#8243; _builder_version=&#8221;4.27.4&#8243; _module_preset=&#8221;default&#8221; global_colors_info=&#8221;{}&#8221;][et_pb_text _builder_version=&#8221;4.27.4&#8243; _module_preset=&#8221;default&#8221; header_text_color=&#8221;#6a738c&#8221; header_2_text_color=&#8221;#23718c&#8221; global_colors_info=&#8221;{}&#8221;]<\/p>\n<div class=\"o-card-fullname__header\">\n<div class=\"o-card-fullname__header\">\n<h2 class=\"o-title o-title--mini o-title--darkblue\">Viejo Casas, Ana<\/h2>\n<\/div>\n<div class=\"o-card-fullname__body\">\n<div id=\"id-field-field-center\">\n<div class=\"field field--name-field-center field--type-string-long field--label-hidden field__item\">Instituto de Investigaci\u00f3n Sanitaria Valdecilla<br \/>(IDIVAL). Centro de Salud Pisue\u00f1a-Cay\u00f3n.<br \/>Cantabria. <\/div>\n<\/div>\n<\/div>\n<\/div>\n<p>[\/et_pb_text][\/et_pb_column][et_pb_column type=&#8221;1_3&#8243; _builder_version=&#8221;4.27.4&#8243; _module_preset=&#8221;default&#8221; global_colors_info=&#8221;{}&#8221;][et_pb_text _builder_version=&#8221;4.27.4&#8243; _module_preset=&#8221;default&#8221; header_text_color=&#8221;#6a738c&#8221; header_2_text_color=&#8221;#23718c&#8221; global_colors_info=&#8221;{}&#8221;]<\/p>\n<div class=\"o-card-fullname__header\">\n<div class=\"o-card-fullname__header\">\n<div class=\"o-card-fullname__header\">\n<h2 class=\"o-title o-title--mini o-title--darkblue\">Villacampa Aub\u00e1, Jos\u00e9 Miguel<\/h2>\n<\/div>\n<div class=\"o-card-fullname__body\">\n<div id=\"id-field-field-center\">\n<div class=\"field field--name-field-center field--type-string-long field--label-hidden field__item\">Hospital Universitario Fundaci\u00f3n Jim\u00e9nez<br \/>D\u00edaz. Madrid <\/div>\n<\/div>\n<\/div>\n<\/div>\n<\/div>\n<p>[\/et_pb_text][\/et_pb_column][et_pb_column type=&#8221;1_3&#8243; _builder_version=&#8221;4.27.4&#8243; _module_preset=&#8221;default&#8221; global_colors_info=&#8221;{}&#8221;][\/et_pb_column][\/et_pb_row][\/et_pb_section][et_pb_section fb_built=&#8221;1&#8243; _builder_version=&#8221;4.27.4&#8243; _module_preset=&#8221;default&#8221; global_colors_info=&#8221;{}&#8221;][et_pb_row make_equal=&#8221;on&#8221; _builder_version=&#8221;4.27.4&#8243; _module_preset=&#8221;default&#8221; global_colors_info=&#8221;{}&#8221;][et_pb_column type=&#8221;4_4&#8243; _builder_version=&#8221;4.27.4&#8243; _module_preset=&#8221;default&#8221; custom_padding=&#8221;|||0px|false|false&#8221; custom_css_before=&#8221;display:flex; flex-wrap:wrap; flex-direction:row;&#8221; custom_css_free_form=&#8221;selector {||  display: flex;||  flex-wrap: wrap;||  flex-direction: row;||  justify-content: center;||  align-items: center;||  gap: 20px||}||||#titulo {||   width: 100%;||  flex-basis: 100%;||}||&#8221; global_colors_info=&#8221;{}&#8221;][et_pb_text module_id=&#8221;titulo&#8221; _builder_version=&#8221;4.27.4&#8243; _module_preset=&#8221;default&#8221; text_text_color=&#8221;#be0015&#8243; header_text_color=&#8221;#be0015&#8243; text_orientation=&#8221;center&#8221; global_colors_info=&#8221;{}&#8221;]<\/p>\n<h1>Sociedades<\/h1>\n<p>[\/et_pb_text][et_pb_image src=&#8221;https:\/\/www.gemasma.com\/wp-content\/uploads\/2025\/06\/aepap_0.png&#8221; title_text=&#8221;aepap_0&#8243; url=&#8221;https:\/\/www.aepap.org\/&#8221; url_new_window=&#8221;on&#8221; _builder_version=&#8221;4.27.4&#8243; _module_preset=&#8221;default&#8221; global_colors_info=&#8221;{}&#8221;][\/et_pb_image][et_pb_image src=&#8221;https:\/\/www.gemasma.com\/wp-content\/uploads\/2025\/06\/alat_0.png&#8221; title_text=&#8221;alat_0&#8243; url=&#8221;https:\/\/alatorax.org\/es&#8221; url_new_window=&#8221;on&#8221; _builder_version=&#8221;4.27.4&#8243; _module_preset=&#8221;default&#8221; global_colors_info=&#8221;{}&#8221;][\/et_pb_image][et_pb_image src=&#8221;https:\/\/www.gemasma.com\/wp-content\/uploads\/2025\/06\/grap_0.png&#8221; title_text=&#8221;grap_0&#8243; url=&#8221;https:\/\/www.sociedadgrap.com\/&#8221; url_new_window=&#8221;on&#8221; _builder_version=&#8221;4.27.4&#8243; _module_preset=&#8221;default&#8221; global_colors_info=&#8221;{}&#8221;][\/et_pb_image][et_pb_image src=&#8221;https:\/\/www.gemasma.com\/wp-content\/uploads\/2025\/06\/seaic_0.png&#8221; title_text=&#8221;seaic_0&#8243; url=&#8221;https:\/\/www.seaic.org\/&#8221; url_new_window=&#8221;on&#8221; _builder_version=&#8221;4.27.4&#8243; _module_preset=&#8221;default&#8221; global_colors_info=&#8221;{}&#8221;][\/et_pb_image][et_pb_image src=&#8221;https:\/\/www.gemasma.com\/wp-content\/uploads\/2025\/06\/logo_SEFAC.png&#8221; title_text=&#8221;logo_SEFAC&#8221; url=&#8221;https:\/\/www.sefac.org\/&#8221; url_new_window=&#8221;on&#8221; _builder_version=&#8221;4.27.4&#8243; _module_preset=&#8221;default&#8221; width=&#8221;19%&#8221; global_colors_info=&#8221;{}&#8221;][\/et_pb_image][et_pb_image src=&#8221;https:\/\/www.gemasma.com\/wp-content\/uploads\/2025\/06\/sociedad-espanola-famacologia-clinica_0.png&#8221; title_text=&#8221;sociedad espanola famacologia clinica_0&#8243; url=&#8221;http:\/\/www.se-fc.org\/&#8221; url_new_window=&#8221;on&#8221; _builder_version=&#8221;4.27.4&#8243; _module_preset=&#8221;default&#8221; global_colors_info=&#8221;{}&#8221;][\/et_pb_image][et_pb_image src=&#8221;https:\/\/www.gemasma.com\/wp-content\/uploads\/2025\/06\/sefh_0.png&#8221; title_text=&#8221;sefh_0&#8243; url=&#8221;https:\/\/www.sefh.es\/&#8221; url_new_window=&#8221;on&#8221; _builder_version=&#8221;4.27.4&#8243; _module_preset=&#8221;default&#8221; global_colors_info=&#8221;{}&#8221;][\/et_pb_image][et_pb_image src=&#8221;https:\/\/www.gemasma.com\/wp-content\/uploads\/2025\/06\/seicaap_0.png&#8221; title_text=&#8221;seicaap_0&#8243; url=&#8221;http:\/\/www.seicap.es\/es&#8221; url_new_window=&#8221;on&#8221; _builder_version=&#8221;4.27.4&#8243; _module_preset=&#8221;default&#8221; global_colors_info=&#8221;{}&#8221;][\/et_pb_image][et_pb_image src=&#8221;https:\/\/www.gemasma.com\/wp-content\/uploads\/2025\/06\/semergen_0.png&#8221; title_text=&#8221;semergen_0&#8243; url=&#8221;https:\/\/www.semergen.es\/&#8221; url_new_window=&#8221;on&#8221; _builder_version=&#8221;4.27.4&#8243; _module_preset=&#8221;default&#8221; global_colors_info=&#8221;{}&#8221;][\/et_pb_image][et_pb_image src=&#8221;https:\/\/www.gemasma.com\/wp-content\/uploads\/2025\/06\/semue_0.png&#8221; title_text=&#8221;semue_0&#8243; url=&#8221;https:\/\/www.semes.org\/&#8221; url_new_window=&#8221;on&#8221; _builder_version=&#8221;4.27.4&#8243; _module_preset=&#8221;default&#8221; global_colors_info=&#8221;{}&#8221;][\/et_pb_image][et_pb_image src=&#8221;https:\/\/www.gemasma.com\/wp-content\/uploads\/2025\/06\/semfyc_0.png&#8221; title_text=&#8221;semfyc_0&#8243; url=&#8221;https:\/\/www.semfyc.es\/&#8221; url_new_window=&#8221;on&#8221; _builder_version=&#8221;4.27.4&#8243; _module_preset=&#8221;default&#8221; global_colors_info=&#8221;{}&#8221;][\/et_pb_image][et_pb_image src=&#8221;https:\/\/www.gemasma.com\/wp-content\/uploads\/2025\/06\/semg_0.png&#8221; title_text=&#8221;semg_0&#8243; url=&#8221;https:\/\/www.semg.es\/&#8221; url_new_window=&#8221;on&#8221; _builder_version=&#8221;4.27.4&#8243; _module_preset=&#8221;default&#8221; global_colors_info=&#8221;{}&#8221;][\/et_pb_image][et_pb_image src=&#8221;https:\/\/www.gemasma.com\/wp-content\/uploads\/2025\/06\/sociedad-de-neumologia-pediatrica_0.png&#8221; title_text=&#8221;sociedad de neumologia pediatrica_0&#8243; url=&#8221;https:\/\/neumoped.org\/&#8221; url_new_window=&#8221;on&#8221; _builder_version=&#8221;4.27.4&#8243; _module_preset=&#8221;default&#8221; global_colors_info=&#8221;{}&#8221;][\/et_pb_image][et_pb_image src=&#8221;https:\/\/www.gemasma.com\/wp-content\/uploads\/2025\/06\/seorl_0.png&#8221; title_text=&#8221;seorl_0&#8243; url=&#8221;https:\/\/seorl.net\/&#8221; url_new_window=&#8221;on&#8221; _builder_version=&#8221;4.27.4&#8243; _module_preset=&#8221;default&#8221; global_colors_info=&#8221;{}&#8221;][\/et_pb_image][et_pb_image src=&#8221;https:\/\/www.gemasma.com\/wp-content\/uploads\/2025\/06\/separ_0.png&#8221; title_text=&#8221;separ_0&#8243; url=&#8221;https:\/\/www.separ.es\/&#8221; url_new_window=&#8221;on&#8221; _builder_version=&#8221;4.27.4&#8243; _module_preset=&#8221;default&#8221; global_colors_info=&#8221;{}&#8221;][\/et_pb_image][et_pb_image src=&#8221;https:\/\/www.gemasma.com\/wp-content\/uploads\/2025\/06\/sepeap_0.png&#8221; title_text=&#8221;sepeap_0&#8243; url=&#8221;https:\/\/sepeap.org\/&#8221; url_new_window=&#8221;on&#8221; _builder_version=&#8221;4.27.4&#8243; _module_preset=&#8221;default&#8221; global_colors_info=&#8221;{}&#8221;][\/et_pb_image][et_pb_image src=&#8221;https:\/\/www.gemasma.com\/wp-content\/uploads\/2025\/06\/LogoSocPort-Alergia.png&#8221; title_text=&#8221;LogoSocPort Alergia&#8221; url=&#8221;https:\/\/www.spaic.pt\/&#8221; url_new_window=&#8221;on&#8221; _builder_version=&#8221;4.27.4&#8243; _module_preset=&#8221;default&#8221; width=&#8221;11%&#8221; global_colors_info=&#8221;{}&#8221;][\/et_pb_image][et_pb_image src=&#8221;https:\/\/www.gemasma.com\/wp-content\/uploads\/2025\/06\/spp_0.png&#8221; title_text=&#8221;spp_0&#8243; url=&#8221;https:\/\/www.sppneumologia.pt\/&#8221; url_new_window=&#8221;on&#8221; _builder_version=&#8221;4.27.4&#8243; _module_preset=&#8221;default&#8221; global_colors_info=&#8221;{}&#8221;][\/et_pb_image][et_pb_text module_id=&#8221;titulo&#8221; _builder_version=&#8221;4.27.4&#8243; _module_preset=&#8221;default&#8221; text_text_color=&#8221;#be0015&#8243; header_text_color=&#8221;#be0015&#8243; text_orientation=&#8221;center&#8221; global_colors_info=&#8221;{}&#8221;]<\/p>\n<h1>Patronos<\/h1>\n<p>[\/et_pb_text][et_pb_image src=&#8221;https:\/\/www.gemasma.com\/wp-content\/uploads\/2025\/06\/astrazeneca.png&#8221; title_text=&#8221;astrazeneca&#8221; url=&#8221;https:\/\/www.astrazeneca.es\/&#8221; url_new_window=&#8221;on&#8221; _builder_version=&#8221;4.27.4&#8243; _module_preset=&#8221;default&#8221; global_colors_info=&#8221;{}&#8221;][\/et_pb_image][et_pb_image src=&#8221;https:\/\/www.gemasma.com\/wp-content\/uploads\/2025\/06\/Chiesi181_0.png&#8221; title_text=&#8221;Chiesi181_0&#8243; url=&#8221;https:\/\/www.chiesi.es\/&#8221; url_new_window=&#8221;on&#8221; _builder_version=&#8221;4.27.4&#8243; _module_preset=&#8221;default&#8221; global_colors_info=&#8221;{}&#8221;][\/et_pb_image][et_pb_image src=&#8221;https:\/\/www.gemasma.com\/wp-content\/uploads\/2025\/06\/The_Signal-1.png&#8221; title_text=&#8221;The_Signal (1)&#8221; url=&#8221;https:\/\/es.gsk.com\/es-es\/&#8221; url_new_window=&#8221;on&#8221; _builder_version=&#8221;4.27.4&#8243; _module_preset=&#8221;default&#8221; width=&#8221;10%&#8221; global_colors_info=&#8221;{}&#8221;][\/et_pb_image][et_pb_image src=&#8221;https:\/\/www.gemasma.com\/wp-content\/uploads\/2025\/06\/grupo-menarini_0.png&#8221; title_text=&#8221;grupo-menarini_0&#8243; url=&#8221;https:\/\/www.menarini.es\/&#8221; url_new_window=&#8221;on&#8221; _builder_version=&#8221;4.27.4&#8243; _module_preset=&#8221;default&#8221; global_colors_info=&#8221;{}&#8221;][\/et_pb_image][et_pb_image src=&#8221;https:\/\/www.gemasma.com\/wp-content\/uploads\/2025\/09\/unnamed-scaled.png&#8221; alt=&#8221;sanofi&#8221; title_text=&#8221;sanofi&#8221; url=&#8221;https:\/\/www.sanofi.es\/&#8221; url_new_window=&#8221;on&#8221; _builder_version=&#8221;4.27.4&#8243; _module_preset=&#8221;default&#8221; width=&#8221;21%&#8221; global_colors_info=&#8221;{}&#8221;][\/et_pb_image][et_pb_text module_id=&#8221;titulo&#8221; _builder_version=&#8221;4.27.4&#8243; _module_preset=&#8221;default&#8221; text_text_color=&#8221;#be0015&#8243; header_text_color=&#8221;#be0015&#8243; text_orientation=&#8221;center&#8221; global_colors_info=&#8221;{}&#8221;]<\/p>\n<h1>Patrocinadores<\/h1>\n<p>[\/et_pb_text][et_pb_image src=&#8221;https:\/\/www.gemasma.com\/wp-content\/uploads\/2025\/06\/gebro_0.png&#8221; title_text=&#8221;astrazeneca&#8221; url=&#8221;https:\/\/gebro.es\/&#8221; url_new_window=&#8221;on&#8221; align=&#8221;center&#8221; _builder_version=&#8221;4.27.4&#8243; _module_preset=&#8221;default&#8221; global_colors_info=&#8221;{}&#8221;][\/et_pb_image][\/et_pb_column][\/et_pb_row][\/et_pb_section][et_pb_section fb_built=&#8221;1&#8243; _builder_version=&#8221;4.27.4&#8243; _module_preset=&#8221;default&#8221; background_color=&#8221;#be0015&#8243; custom_padding=&#8221;0px||0px|||&#8221; global_colors_info=&#8221;{}&#8221;][et_pb_row _builder_version=&#8221;4.27.4&#8243; _module_preset=&#8221;default&#8221; width=&#8221;97%&#8221; custom_padding=&#8221;12px||9px|||&#8221; global_colors_info=&#8221;{}&#8221;][et_pb_column type=&#8221;4_4&#8243; _builder_version=&#8221;4.27.4&#8243; _module_preset=&#8221;default&#8221; global_colors_info=&#8221;{}&#8221;][et_pb_text _builder_version=&#8221;4.27.4&#8243; _module_preset=&#8221;default&#8221; text_text_color=&#8221;#FFFFFF&#8221; link_text_color=&#8221;#FFFFFF&#8221; global_colors_info=&#8221;{}&#8221;]<\/p>\n<p><a href=\"https:\/\/www.gemasma.com\/pt-pt\/politica-de-privacidade\/\">Pol\u00edtica de privacidade<\/a>  <a href=\"https:\/\/www.gemasma.com\/terminos-y-condiciones\/\">Termos e condi\u00e7\u00f5es<\/a><\/p>\n<p>[\/et_pb_text][\/et_pb_column][\/et_pb_row][\/et_pb_section]<\/p>\n","protected":false},"excerpt":{"rendered":"<p>&nbsp; Um dos objetivos de qualquer guia de pr\u00e1tica cl\u00ednica \u00e9 que esta se torne uma ferramenta de trabalho \u00fatil para os profissionais de sa\u00fade, atrav\u00e9s da qual possam melhorar a sua atividade cl\u00ednica assistencial. Com o Guia Espanhol para o Manejo da ASMA (GEMA) foram planeadas uma s\u00e9rie de a\u00e7\u00f5es cujo objetivo era aproximar [&hellip;]<\/p>\n","protected":false},"author":1,"featured_media":0,"parent":0,"menu_order":0,"comment_status":"closed","ping_status":"closed","template":"","meta":{"_et_pb_use_builder":"on","_et_pb_old_content":"","_et_gb_content_width":"","footnotes":""},"class_list":["post-425","page","type-page","status-publish","hentry"],"_links":{"self":[{"href":"https:\/\/www.gemasma.com\/pt-pt\/wp-json\/wp\/v2\/pages\/425","targetHints":{"allow":["GET"]}}],"collection":[{"href":"https:\/\/www.gemasma.com\/pt-pt\/wp-json\/wp\/v2\/pages"}],"about":[{"href":"https:\/\/www.gemasma.com\/pt-pt\/wp-json\/wp\/v2\/types\/page"}],"author":[{"embeddable":true,"href":"https:\/\/www.gemasma.com\/pt-pt\/wp-json\/wp\/v2\/users\/1"}],"replies":[{"embeddable":true,"href":"https:\/\/www.gemasma.com\/pt-pt\/wp-json\/wp\/v2\/comments?post=425"}],"version-history":[{"count":1,"href":"https:\/\/www.gemasma.com\/pt-pt\/wp-json\/wp\/v2\/pages\/425\/revisions"}],"predecessor-version":[{"id":429,"href":"https:\/\/www.gemasma.com\/pt-pt\/wp-json\/wp\/v2\/pages\/425\/revisions\/429"}],"wp:attachment":[{"href":"https:\/\/www.gemasma.com\/pt-pt\/wp-json\/wp\/v2\/media?parent=425"}],"curies":[{"name":"wp","href":"https:\/\/api.w.org\/{rel}","templated":true}]}}